{"id":149,"date":"2023-03-01T12:23:39","date_gmt":"2023-03-01T11:23:39","guid":{"rendered":"https:\/\/www.jesus-au-temple.com\/?page_id=149"},"modified":"2023-04-26T16:53:59","modified_gmt":"2023-04-26T14:53:59","slug":"histoire-des-soeurs-de-jesus-au-temple","status":"publish","type":"page","link":"https:\/\/www.jesus-au-temple.com\/index.php\/histoire-des-soeurs-de-jesus-au-temple\/","title":{"rendered":"Histoire-des-soeurs de j\u00e9sus au temple"},"content":{"rendered":"\t\t<div data-elementor-type=\"wp-page\" data-elementor-id=\"149\" class=\"elementor elementor-149\" data-elementor-post-type=\"page\">\n\t\t\t\t\t\t<section data-particle_enable=\"false\" data-particle-mobile-disabled=\"false\" class=\"elementor-section elementor-top-section elementor-element elementor-element-758609f elementor-section-full_width elementor-hidden-mobile elementor-section-height-default elementor-section-height-default\" data-id=\"758609f\" data-element_type=\"section\" data-e-type=\"section\" data-settings=\"{&quot;shape_divider_bottom&quot;:&quot;mountains&quot;,&quot;background_background&quot;:&quot;classic&quot;}\">\n\t\t\t\t\t<div class=\"elementor-shape elementor-shape-bottom\" aria-hidden=\"true\" data-negative=\"false\">\n\t\t\t<svg xmlns=\"http:\/\/www.w3.org\/2000\/svg\" viewBox=\"0 0 1000 100\" preserveAspectRatio=\"none\">\n\t<path class=\"elementor-shape-fill\" opacity=\"0.33\" d=\"M473,67.3c-203.9,88.3-263.1-34-320.3,0C66,119.1,0,59.7,0,59.7V0h1000v59.7 c0,0-62.1,26.1-94.9,29.3c-32.8,3.3-62.8-12.3-75.8-22.1C806,49.6,745.3,8.7,694.9,4.7S492.4,59,473,67.3z\"\/>\n\t<path class=\"elementor-shape-fill\" opacity=\"0.66\" d=\"M734,67.3c-45.5,0-77.2-23.2-129.1-39.1c-28.6-8.7-150.3-10.1-254,39.1 s-91.7-34.4-149.2,0C115.7,118.3,0,39.8,0,39.8V0h1000v36.5c0,0-28.2-18.5-92.1-18.5C810.2,18.1,775.7,67.3,734,67.3z\"\/>\n\t<path class=\"elementor-shape-fill\" d=\"M766.1,28.9c-200-57.5-266,65.5-395.1,19.5C242,1.8,242,5.4,184.8,20.6C128,35.8,132.3,44.9,89.9,52.5C28.6,63.7,0,0,0,0 h1000c0,0-9.9,40.9-83.6,48.1S829.6,47,766.1,28.9z\"\/>\n<\/svg>\t\t<\/div>\n\t\t\t\t\t<div class=\"elementor-container elementor-column-gap-default\">\n\t\t\t\t\t<div class=\"elementor-column elementor-col-100 elementor-top-column elementor-element elementor-element-895fad4\" data-id=\"895fad4\" data-element_type=\"column\" data-e-type=\"column\" data-settings=\"{&quot;background_background&quot;:&quot;classic&quot;}\">\n\t\t\t<div class=\"elementor-widget-wrap elementor-element-populated\">\n\t\t\t\t\t\t<section data-particle_enable=\"false\" data-particle-mobile-disabled=\"false\" class=\"elementor-section elementor-inner-section elementor-element elementor-element-a8847d3 elementor-section-full_width elementor-section-height-default elementor-section-height-default\" data-id=\"a8847d3\" data-element_type=\"section\" data-e-type=\"section\">\n\t\t\t\t\t\t<div class=\"elementor-container elementor-column-gap-default\">\n\t\t\t\t\t<div class=\"elementor-column elementor-col-50 elementor-inner-column elementor-element elementor-element-a8b87bc\" data-id=\"a8b87bc\" data-element_type=\"column\" data-e-type=\"column\">\n\t\t\t<div class=\"elementor-widget-wrap\">\n\t\t\t\t\t\t\t<\/div>\n\t\t<\/div>\n\t\t\t\t<div class=\"elementor-column elementor-col-50 elementor-inner-column elementor-element elementor-element-2633682\" data-id=\"2633682\" data-element_type=\"column\" data-e-type=\"column\" data-settings=\"{&quot;background_background&quot;:&quot;classic&quot;}\">\n\t\t\t<div class=\"elementor-widget-wrap elementor-element-populated\">\n\t\t\t\t\t\t<div class=\"elementor-element elementor-element-abff58b elementor-widget elementor-widget-text-editor\" data-id=\"abff58b\" data-element_type=\"widget\" data-e-type=\"widget\" data-widget_type=\"text-editor.default\">\n\t\t\t\t<div class=\"elementor-widget-container\">\n\t\t\t\t\t\t\t\t\t<p>Histoire des soeurs de J\u00e9sus au temple<\/p>\t\t\t\t\t\t\t\t<\/div>\n\t\t\t\t<\/div>\n\t\t\t\t\t<\/div>\n\t\t<\/div>\n\t\t\t\t\t<\/div>\n\t\t<\/section>\n\t\t\t\t\t<\/div>\n\t\t<\/div>\n\t\t\t\t\t<\/div>\n\t\t<\/section>\n\t\t\t\t<section data-particle_enable=\"false\" data-particle-mobile-disabled=\"false\" class=\"elementor-section elementor-top-section elementor-element elementor-element-4d572cc elementor-section-full_width elementor-section-height-default elementor-section-height-default\" data-id=\"4d572cc\" data-element_type=\"section\" data-e-type=\"section\">\n\t\t\t\t\t\t<div class=\"elementor-container elementor-column-gap-default\">\n\t\t\t\t\t<div class=\"elementor-column elementor-col-100 elementor-top-column elementor-element elementor-element-e7093a9\" data-id=\"e7093a9\" data-element_type=\"column\" data-e-type=\"column\">\n\t\t\t<div class=\"elementor-widget-wrap elementor-element-populated\">\n\t\t\t\t\t\t<section data-particle_enable=\"false\" data-particle-mobile-disabled=\"false\" class=\"elementor-section elementor-inner-section elementor-element elementor-element-a6fc50a elementor-section-boxed elementor-section-height-default elementor-section-height-default\" data-id=\"a6fc50a\" data-element_type=\"section\" data-e-type=\"section\">\n\t\t\t\t\t\t<div class=\"elementor-container elementor-column-gap-default\">\n\t\t\t\t\t<div class=\"elementor-column elementor-col-50 elementor-inner-column elementor-element elementor-element-fc2835a\" data-id=\"fc2835a\" data-element_type=\"column\" data-e-type=\"column\">\n\t\t\t<div class=\"elementor-widget-wrap elementor-element-populated\">\n\t\t\t\t\t\t<div class=\"elementor-element elementor-element-4eb52d2 elementor-widget elementor-widget-text-editor\" data-id=\"4eb52d2\" data-element_type=\"widget\" data-e-type=\"widget\" data-widget_type=\"text-editor.default\">\n\t\t\t\t<div class=\"elementor-widget-container\">\n\t\t\t\t\t\t\t\t\t<h3>C\u2019\u00e9tait au temps du Mouvement d\u2019Oxford lanc\u00e9 par le Cardinal Newman au 19\u00e8me si\u00e8cle.<\/h3><p>Ce mouvement est \u00e0 l\u2019origine de la <strong>Renaissance de l\u2019Eglise Catholique en Angleterre.<\/strong> Cette pr\u00e9occupation touchait aussi la France.<br \/>Une Religieuse de la <strong>Mis\u00e9ricorde de S\u00e9es<\/strong>,<strong> S\u0153ur Sainte C\u00e9ronne<\/strong>, qui deviendra plus tard <strong>M\u00e8re Sainte Marie,<\/strong> se sent appeler \u00e0 contribuer \u00e0 cette mission d\u2019assistance aux s\u00e9minaristes anglais, par la pri\u00e8re et la formation.<\/p><p>La r\u00e9alisation de sa vocation rencontra de multiples incompr\u00e9hensions. Quand elle prit la d\u00e9cision de partir en Angleterre, aussit\u00f4t, 4 de ses s\u0153urs la suivirent\u00a0;<\/p><p>Etablies \u00e0 Londres, <strong>le Cardinal Nicolas Wiseman<\/strong> les r\u00e9unit en une nouvelle Congr\u00e9gation\u00a0:<\/p>\t\t\t\t\t\t\t\t<\/div>\n\t\t\t\t<\/div>\n\t\t\t\t<div class=\"elementor-element elementor-element-73b0d45 elementor-widget elementor-widget-image\" data-id=\"73b0d45\" data-element_type=\"widget\" data-e-type=\"widget\" data-widget_type=\"image.default\">\n\t\t\t\t<div class=\"elementor-widget-container\">\n\t\t\t\t\t\t\t\t\t\t\t\t<figure class=\"wp-caption\">\n\t\t\t\t\t\t\t\t\t\t<img decoding=\"async\" src=\"https:\/\/www.jesus-au-temple.com\/wp-content\/uploads\/elementor\/thumbs\/cardinal-newman-q2vkeaqpkc8xemtt8lahdv90x43hotpaoh6gdx2xr4.png\" title=\"cardinal-newman\" alt=\"cardinal-newman\" loading=\"lazy\" \/>\t\t\t\t\t\t\t\t\t\t\t<figcaption class=\"widget-image-caption wp-caption-text\">Cardinal Newman<\/figcaption>\n\t\t\t\t\t\t\t\t\t\t<\/figure>\n\t\t\t\t\t\t\t\t\t<\/div>\n\t\t\t\t<\/div>\n\t\t\t\t\t<\/div>\n\t\t<\/div>\n\t\t\t\t<div class=\"elementor-column elementor-col-50 elementor-inner-column elementor-element elementor-element-3043ec0\" data-id=\"3043ec0\" data-element_type=\"column\" data-e-type=\"column\">\n\t\t\t<div class=\"elementor-widget-wrap elementor-element-populated\">\n\t\t\t\t\t\t<div class=\"elementor-element elementor-element-b725720 elementor-widget elementor-widget-image\" data-id=\"b725720\" data-element_type=\"widget\" data-e-type=\"widget\" data-widget_type=\"image.default\">\n\t\t\t\t<div class=\"elementor-widget-container\">\n\t\t\t\t\t\t\t\t\t\t\t\t<figure class=\"wp-caption\">\n\t\t\t\t\t\t\t\t\t\t\t<a href=\"https:\/\/www.jesus-au-temple.com\/index.php\/la-bande-dessinee-des-soeurs-de-jesus-au-temple\/\">\n\t\t\t\t\t\t\t<img decoding=\"async\" src=\"https:\/\/www.jesus-au-temple.com\/wp-content\/uploads\/2023\/04\/histoire-des-soeurs-de-jesus-au-temple-en-bande-dessinee-1.jpg\" title=\"histoire-des-soeurs-de-jesus-au-temple-en-bande-dessinee\" alt=\"histoire-des-soeurs-de-jesus-au-temple-en-bande-dessinee\" loading=\"lazy\" \/>\t\t\t\t\t\t\t\t<\/a>\n\t\t\t\t\t\t\t\t\t\t\t<figcaption class=\"widget-image-caption wp-caption-text\"><\/figcaption>\n\t\t\t\t\t\t\t\t\t\t<\/figure>\n\t\t\t\t\t\t\t\t\t<\/div>\n\t\t\t\t<\/div>\n\t\t\t\t\t<\/div>\n\t\t<\/div>\n\t\t\t\t\t<\/div>\n\t\t<\/section>\n\t\t\t\t<section data-particle_enable=\"false\" data-particle-mobile-disabled=\"false\" class=\"elementor-section elementor-inner-section elementor-element elementor-element-cea3ebb elementor-reverse-mobile elementor-section-boxed elementor-section-height-default elementor-section-height-default\" data-id=\"cea3ebb\" data-element_type=\"section\" data-e-type=\"section\">\n\t\t\t\t\t\t<div class=\"elementor-container elementor-column-gap-default\">\n\t\t\t\t\t<div class=\"elementor-column elementor-col-50 elementor-inner-column elementor-element elementor-element-0d11846\" data-id=\"0d11846\" data-element_type=\"column\" data-e-type=\"column\">\n\t\t\t<div class=\"elementor-widget-wrap elementor-element-populated\">\n\t\t\t\t\t\t<div class=\"elementor-element elementor-element-090b074 elementor-widget elementor-widget-image\" data-id=\"090b074\" data-element_type=\"widget\" data-e-type=\"widget\" data-widget_type=\"image.default\">\n\t\t\t\t<div class=\"elementor-widget-container\">\n\t\t\t\t\t\t\t\t\t\t\t\t<figure class=\"wp-caption\">\n\t\t\t\t\t\t\t\t\t\t<img decoding=\"async\" src=\"https:\/\/www.jesus-au-temple.com\/wp-content\/uploads\/elementor\/thumbs\/cardinal-wisman-dessin-q39b55kwkr6zfkqw9ldf7dyrw2w11kby5q35uwsmp0.png\" title=\"cardinal-wisman-dessin\" alt=\"cardinal-wisman-dessin\" loading=\"lazy\" \/>\t\t\t\t\t\t\t\t\t\t\t<figcaption class=\"widget-image-caption wp-caption-text\">Cardinal Weisman<\/figcaption>\n\t\t\t\t\t\t\t\t\t\t<\/figure>\n\t\t\t\t\t\t\t\t\t<\/div>\n\t\t\t\t<\/div>\n\t\t\t\t<div class=\"elementor-element elementor-element-91901f0 elementor-widget elementor-widget-image\" data-id=\"91901f0\" data-element_type=\"widget\" data-e-type=\"widget\" data-widget_type=\"image.default\">\n\t\t\t\t<div class=\"elementor-widget-container\">\n\t\t\t\t\t\t\t\t\t\t\t\t<figure class=\"wp-caption\">\n\t\t\t\t\t\t\t\t\t\t<img decoding=\"async\" src=\"https:\/\/www.jesus-au-temple.com\/wp-content\/uploads\/elementor\/thumbs\/mere-sainte-marie-q39b8f2qb1ntqu087i5sd2be58swrqae9vmuuhyfqa.png\" title=\"mere-sainte-marie\" alt=\"mere-sainte-marie\" loading=\"lazy\" \/>\t\t\t\t\t\t\t\t\t\t\t<figcaption class=\"widget-image-caption wp-caption-text\">M\u00e8re  Sainte Marie<\/figcaption>\n\t\t\t\t\t\t\t\t\t\t<\/figure>\n\t\t\t\t\t\t\t\t\t<\/div>\n\t\t\t\t<\/div>\n\t\t\t\t\t<\/div>\n\t\t<\/div>\n\t\t\t\t<div class=\"elementor-column elementor-col-50 elementor-inner-column elementor-element elementor-element-9a351cf\" data-id=\"9a351cf\" data-element_type=\"column\" data-e-type=\"column\">\n\t\t\t<div class=\"elementor-widget-wrap elementor-element-populated\">\n\t\t\t\t\t\t<div class=\"elementor-element elementor-element-a01bfde elementor-widget elementor-widget-text-editor\" data-id=\"a01bfde\" data-element_type=\"widget\" data-e-type=\"widget\" data-widget_type=\"text-editor.default\">\n\t\t\t\t<div class=\"elementor-widget-container\">\n\t\t\t\t\t\t\t\t\t<h3>Suivre le Christ se livrant pour le salut du monde<\/h3><p>don de l\u2019Esprit confi\u00e9 par Dieu \u00e0 M\u00e8re Sainte Marie, notre fondatrice, nous engage \u00e0 suivre le Christ se livrant pour le salut du monde, dans son amour filial et son ob\u00e9issance au P\u00e8re \u00bb.<\/p><p>Comme J\u00e9sus au Temple, les S\u0153urs sont en marche avec tout le peuple de Dieu pour que grandisse le Royaume, par leur mission de pr\u00e9sence, de proximit\u00e9 et de pri\u00e8re, aujourd\u2019hui, en Angleterre et en France.<\/p><p>En r\u00e9ponse \u00e0 l\u2019\u00e9lan missionnaire donn\u00e9 par le Pape Pie XII dans son Encyclique Fidei Donum, la congr\u00e9gation \u00e9tend son activit\u00e9 et devient Terre Nouvelle de Mission en Afrique.<\/p><p>Les S\u0153urs de J\u00e9sus au Temple \u00e9tendent d\u00e9sormais leur cham d\u2019apostolat \u00e0 la C\u00f4te d\u2019Ivoire en 1966\u00a0; puis au Burkina Faso en 1993.<\/p><p>Fid\u00e8les aux charismes des origines, elles contribuent \u00e0 la promotion humaine et chr\u00e9tienne des Peuples auxquels elles sont envoy\u00e9es. Leurs activit\u00e9s se d\u00e9ploient aujourd\u2019hui comme origines par\u00a0:<\/p><ul><li>les soins aux malades dans les dispensaires publics et priv\u00e9s, les visites aux personnes seules \u00e0 domicile,<\/li><li>les soins aux pr\u00eatres \u00e2ges et malades,<\/li><li>l\u2019enseignement primaire dans les \u00e9coles catholiques de la Mission,<\/li><li>la pastorale au sein des Eglises locales\u00a0: la cat\u00e9ch\u00e8se, les divers mouvements, les chorales d\u2019enfants, etc.<\/li><li>la promotion et l\u2019\u00e9ducation de la femme (maternit\u00e9) et les centre de r\u00e9cup\u00e9ration nutritionnelle pour la petite enfance (PAM)<\/li><li>le d\u00e9pistage et les soins des malnutris.<\/li><\/ul><p>Religieuses de Vie Apostolique, les S\u0153urs de J\u00e9sus au Temple, \u00ab\u00a0fid\u00e8les \u00e0 l\u2019Esprit de leurs Fondateurs, veulent servir le Christ se livrant au P\u00e8re pour faire sa volont\u00e9\u00a0\u00bb (Const. n\u00b0 1), car il n\u2019y a pas de plus grand Amour que de donner sa vie pour ceux qu\u2019on aime.<\/p>\t\t\t\t\t\t\t\t<\/div>\n\t\t\t\t<\/div>\n\t\t\t\t\t<\/div>\n\t\t<\/div>\n\t\t\t\t\t<\/div>\n\t\t<\/section>\n\t\t\t\t\t<\/div>\n\t\t<\/div>\n\t\t\t\t\t<\/div>\n\t\t<\/section>\n\t\t\t\t<\/div>\n\t\t","protected":false},"excerpt":{"rendered":"<p>Histoire des soeurs de J\u00e9sus au temple C\u2019\u00e9tait au temps du Mouvement d\u2019Oxford lanc\u00e9 par le Cardinal Newman au 19\u00e8me si\u00e8cle. Ce mouvement est \u00e0 l\u2019origine de la Renaissance de l\u2019Eglise Catholique en Angleterre. Cette pr\u00e9occupation touchait aussi la France.Une Religieuse de la Mis\u00e9ricorde de S\u00e9es, S\u0153ur Sainte C\u00e9ronne, qui deviendra plus tard M\u00e8re Sainte [&hellip;]<\/p>\n","protected":false},"author":1,"featured_media":0,"parent":0,"menu_order":0,"comment_status":"closed","ping_status":"closed","template":"elementor_header_footer","meta":{"footnotes":""},"class_list":["post-149","page","type-page","status-publish","hentry"],"yoast_head":"<!-- This site is optimized with the Yoast SEO plugin v27.5 - https:\/\/yoast.com\/product\/yoast-seo-wordpress\/ -->\n<title>Histoire-des-soeurs de j\u00e9sus au temple - Les soeurs de J\u00e9sus au temple<\/title>\n<meta name=\"robots\" content=\"index, follow, max-snippet:-1, max-image-preview:large, max-video-preview:-1\" \/>\n<link rel=\"canonical\" href=\"https:\/\/www.jesus-au-temple.com\/index.php\/histoire-des-soeurs-de-jesus-au-temple\/\" \/>\n<meta property=\"og:locale\" content=\"fr_FR\" \/>\n<meta property=\"og:type\" content=\"article\" \/>\n<meta property=\"og:title\" content=\"Histoire-des-soeurs de j\u00e9sus au temple - Les soeurs de J\u00e9sus au temple\" \/>\n<meta property=\"og:description\" content=\"Histoire des soeurs de J\u00e9sus au temple C\u2019\u00e9tait au temps du Mouvement d\u2019Oxford lanc\u00e9 par le Cardinal Newman au 19\u00e8me si\u00e8cle. Ce mouvement est \u00e0 l\u2019origine de la Renaissance de l\u2019Eglise Catholique en Angleterre. Cette pr\u00e9occupation touchait aussi la France.Une Religieuse de la Mis\u00e9ricorde de S\u00e9es, S\u0153ur Sainte C\u00e9ronne, qui deviendra plus tard M\u00e8re Sainte [&hellip;]\" \/>\n<meta property=\"og:url\" content=\"https:\/\/www.jesus-au-temple.com\/index.php\/histoire-des-soeurs-de-jesus-au-temple\/\" \/>\n<meta property=\"og:site_name\" content=\"Les soeurs de J\u00e9sus au temple\" \/>\n<meta property=\"article:modified_time\" content=\"2023-04-26T14:53:59+00:00\" \/>\n<meta property=\"og:image\" content=\"https:\/\/www.jesus-au-temple.com\/wp-content\/uploads\/elementor\/thumbs\/cardinal-newman-q2vkeaqpkc8xemtt8lahdv90x43hotpaoh6gdx2xre.png\" \/>\n<meta name=\"twitter:card\" content=\"summary_large_image\" \/>\n<meta name=\"twitter:label1\" content=\"Dur\u00e9e de lecture estim\u00e9e\" \/>\n\t<meta name=\"twitter:data1\" content=\"3 minutes\" \/>\n<script type=\"application\/ld+json\" class=\"yoast-schema-graph\">{\"@context\":\"https:\\\/\\\/schema.org\",\"@graph\":[{\"@type\":\"WebPage\",\"@id\":\"https:\\\/\\\/www.jesus-au-temple.com\\\/index.php\\\/histoire-des-soeurs-de-jesus-au-temple\\\/\",\"url\":\"https:\\\/\\\/www.jesus-au-temple.com\\\/index.php\\\/histoire-des-soeurs-de-jesus-au-temple\\\/\",\"name\":\"Histoire-des-soeurs de j\u00e9sus au temple - Les soeurs de J\u00e9sus au temple\",\"isPartOf\":{\"@id\":\"https:\\\/\\\/www.jesus-au-temple.com\\\/#website\"},\"primaryImageOfPage\":{\"@id\":\"https:\\\/\\\/www.jesus-au-temple.com\\\/index.php\\\/histoire-des-soeurs-de-jesus-au-temple\\\/#primaryimage\"},\"image\":{\"@id\":\"https:\\\/\\\/www.jesus-au-temple.com\\\/index.php\\\/histoire-des-soeurs-de-jesus-au-temple\\\/#primaryimage\"},\"thumbnailUrl\":\"https:\\\/\\\/www.jesus-au-temple.com\\\/wp-content\\\/uploads\\\/elementor\\\/thumbs\\\/cardinal-newman-q2vkeaqpkc8xemtt8lahdv90x43hotpaoh6gdx2xre.png\",\"datePublished\":\"2023-03-01T11:23:39+00:00\",\"dateModified\":\"2023-04-26T14:53:59+00:00\",\"breadcrumb\":{\"@id\":\"https:\\\/\\\/www.jesus-au-temple.com\\\/index.php\\\/histoire-des-soeurs-de-jesus-au-temple\\\/#breadcrumb\"},\"inLanguage\":\"fr-FR\",\"potentialAction\":[{\"@type\":\"ReadAction\",\"target\":[\"https:\\\/\\\/www.jesus-au-temple.com\\\/index.php\\\/histoire-des-soeurs-de-jesus-au-temple\\\/\"]}]},{\"@type\":\"ImageObject\",\"inLanguage\":\"fr-FR\",\"@id\":\"https:\\\/\\\/www.jesus-au-temple.com\\\/index.php\\\/histoire-des-soeurs-de-jesus-au-temple\\\/#primaryimage\",\"url\":\"https:\\\/\\\/www.jesus-au-temple.com\\\/wp-content\\\/uploads\\\/elementor\\\/thumbs\\\/cardinal-newman-q2vkeaqpkc8xemtt8lahdv90x43hotpaoh6gdx2xre.png\",\"contentUrl\":\"https:\\\/\\\/www.jesus-au-temple.com\\\/wp-content\\\/uploads\\\/elementor\\\/thumbs\\\/cardinal-newman-q2vkeaqpkc8xemtt8lahdv90x43hotpaoh6gdx2xre.png\"},{\"@type\":\"BreadcrumbList\",\"@id\":\"https:\\\/\\\/www.jesus-au-temple.com\\\/index.php\\\/histoire-des-soeurs-de-jesus-au-temple\\\/#breadcrumb\",\"itemListElement\":[{\"@type\":\"ListItem\",\"position\":1,\"name\":\"Accueil\",\"item\":\"https:\\\/\\\/www.jesus-au-temple.com\\\/\"},{\"@type\":\"ListItem\",\"position\":2,\"name\":\"Histoire-des-soeurs de j\u00e9sus au temple\"}]},{\"@type\":\"WebSite\",\"@id\":\"https:\\\/\\\/www.jesus-au-temple.com\\\/#website\",\"url\":\"https:\\\/\\\/www.jesus-au-temple.com\\\/\",\"name\":\"S\u0153urs de J\u00e9sus au temple de Vernon\",\"description\":\"Site officiel des Soeurs de j\u00e9sus au Temple\",\"publisher\":{\"@id\":\"https:\\\/\\\/www.jesus-au-temple.com\\\/#organization\"},\"potentialAction\":[{\"@type\":\"SearchAction\",\"target\":{\"@type\":\"EntryPoint\",\"urlTemplate\":\"https:\\\/\\\/www.jesus-au-temple.com\\\/?s={search_term_string}\"},\"query-input\":{\"@type\":\"PropertyValueSpecification\",\"valueRequired\":true,\"valueName\":\"search_term_string\"}}],\"inLanguage\":\"fr-FR\"},{\"@type\":\"Organization\",\"@id\":\"https:\\\/\\\/www.jesus-au-temple.com\\\/#organization\",\"name\":\"Communaut\u00e9 de soeurs catholiques\",\"url\":\"https:\\\/\\\/www.jesus-au-temple.com\\\/\",\"logo\":{\"@type\":\"ImageObject\",\"inLanguage\":\"fr-FR\",\"@id\":\"https:\\\/\\\/www.jesus-au-temple.com\\\/#\\\/schema\\\/logo\\\/image\\\/\",\"url\":\"https:\\\/\\\/www.jesus-au-temple.com\\\/wp-content\\\/uploads\\\/2023\\\/01\\\/soeurs-de-jesus-au-temple.png\",\"contentUrl\":\"https:\\\/\\\/www.jesus-au-temple.com\\\/wp-content\\\/uploads\\\/2023\\\/01\\\/soeurs-de-jesus-au-temple.png\",\"width\":826,\"height\":455,\"caption\":\"Communaut\u00e9 de soeurs catholiques\"},\"image\":{\"@id\":\"https:\\\/\\\/www.jesus-au-temple.com\\\/#\\\/schema\\\/logo\\\/image\\\/\"}}]}<\/script>\n<!-- \/ Yoast SEO plugin. -->","yoast_head_json":{"title":"Histoire-des-soeurs de j\u00e9sus au temple - Les soeurs de J\u00e9sus au temple","robots":{"index":"index","follow":"follow","max-snippet":"max-snippet:-1","max-image-preview":"max-image-preview:large","max-video-preview":"max-video-preview:-1"},"canonical":"https:\/\/www.jesus-au-temple.com\/index.php\/histoire-des-soeurs-de-jesus-au-temple\/","og_locale":"fr_FR","og_type":"article","og_title":"Histoire-des-soeurs de j\u00e9sus au temple - Les soeurs de J\u00e9sus au temple","og_description":"Histoire des soeurs de J\u00e9sus au temple C\u2019\u00e9tait au temps du Mouvement d\u2019Oxford lanc\u00e9 par le Cardinal Newman au 19\u00e8me si\u00e8cle. Ce mouvement est \u00e0 l\u2019origine de la Renaissance de l\u2019Eglise Catholique en Angleterre. Cette pr\u00e9occupation touchait aussi la France.Une Religieuse de la Mis\u00e9ricorde de S\u00e9es, S\u0153ur Sainte C\u00e9ronne, qui deviendra plus tard M\u00e8re Sainte [&hellip;]","og_url":"https:\/\/www.jesus-au-temple.com\/index.php\/histoire-des-soeurs-de-jesus-au-temple\/","og_site_name":"Les soeurs de J\u00e9sus au temple","article_modified_time":"2023-04-26T14:53:59+00:00","og_image":[{"url":"https:\/\/www.jesus-au-temple.com\/wp-content\/uploads\/elementor\/thumbs\/cardinal-newman-q2vkeaqpkc8xemtt8lahdv90x43hotpaoh6gdx2xre.png","type":"","width":"","height":""}],"twitter_card":"summary_large_image","twitter_misc":{"Dur\u00e9e de lecture estim\u00e9e":"3 minutes"},"schema":{"@context":"https:\/\/schema.org","@graph":[{"@type":"WebPage","@id":"https:\/\/www.jesus-au-temple.com\/index.php\/histoire-des-soeurs-de-jesus-au-temple\/","url":"https:\/\/www.jesus-au-temple.com\/index.php\/histoire-des-soeurs-de-jesus-au-temple\/","name":"Histoire-des-soeurs de j\u00e9sus au temple - Les soeurs de J\u00e9sus au temple","isPartOf":{"@id":"https:\/\/www.jesus-au-temple.com\/#website"},"primaryImageOfPage":{"@id":"https:\/\/www.jesus-au-temple.com\/index.php\/histoire-des-soeurs-de-jesus-au-temple\/#primaryimage"},"image":{"@id":"https:\/\/www.jesus-au-temple.com\/index.php\/histoire-des-soeurs-de-jesus-au-temple\/#primaryimage"},"thumbnailUrl":"https:\/\/www.jesus-au-temple.com\/wp-content\/uploads\/elementor\/thumbs\/cardinal-newman-q2vkeaqpkc8xemtt8lahdv90x43hotpaoh6gdx2xre.png","datePublished":"2023-03-01T11:23:39+00:00","dateModified":"2023-04-26T14:53:59+00:00","breadcrumb":{"@id":"https:\/\/www.jesus-au-temple.com\/index.php\/histoire-des-soeurs-de-jesus-au-temple\/#breadcrumb"},"inLanguage":"fr-FR","potentialAction":[{"@type":"ReadAction","target":["https:\/\/www.jesus-au-temple.com\/index.php\/histoire-des-soeurs-de-jesus-au-temple\/"]}]},{"@type":"ImageObject","inLanguage":"fr-FR","@id":"https:\/\/www.jesus-au-temple.com\/index.php\/histoire-des-soeurs-de-jesus-au-temple\/#primaryimage","url":"https:\/\/www.jesus-au-temple.com\/wp-content\/uploads\/elementor\/thumbs\/cardinal-newman-q2vkeaqpkc8xemtt8lahdv90x43hotpaoh6gdx2xre.png","contentUrl":"https:\/\/www.jesus-au-temple.com\/wp-content\/uploads\/elementor\/thumbs\/cardinal-newman-q2vkeaqpkc8xemtt8lahdv90x43hotpaoh6gdx2xre.png"},{"@type":"BreadcrumbList","@id":"https:\/\/www.jesus-au-temple.com\/index.php\/histoire-des-soeurs-de-jesus-au-temple\/#breadcrumb","itemListElement":[{"@type":"ListItem","position":1,"name":"Accueil","item":"https:\/\/www.jesus-au-temple.com\/"},{"@type":"ListItem","position":2,"name":"Histoire-des-soeurs de j\u00e9sus au temple"}]},{"@type":"WebSite","@id":"https:\/\/www.jesus-au-temple.com\/#website","url":"https:\/\/www.jesus-au-temple.com\/","name":"S\u0153urs de J\u00e9sus au temple de Vernon","description":"Site officiel des Soeurs de j\u00e9sus au Temple","publisher":{"@id":"https:\/\/www.jesus-au-temple.com\/#organization"},"potentialAction":[{"@type":"SearchAction","target":{"@type":"EntryPoint","urlTemplate":"https:\/\/www.jesus-au-temple.com\/?s={search_term_string}"},"query-input":{"@type":"PropertyValueSpecification","valueRequired":true,"valueName":"search_term_string"}}],"inLanguage":"fr-FR"},{"@type":"Organization","@id":"https:\/\/www.jesus-au-temple.com\/#organization","name":"Communaut\u00e9 de soeurs catholiques","url":"https:\/\/www.jesus-au-temple.com\/","logo":{"@type":"ImageObject","inLanguage":"fr-FR","@id":"https:\/\/www.jesus-au-temple.com\/#\/schema\/logo\/image\/","url":"https:\/\/www.jesus-au-temple.com\/wp-content\/uploads\/2023\/01\/soeurs-de-jesus-au-temple.png","contentUrl":"https:\/\/www.jesus-au-temple.com\/wp-content\/uploads\/2023\/01\/soeurs-de-jesus-au-temple.png","width":826,"height":455,"caption":"Communaut\u00e9 de soeurs catholiques"},"image":{"@id":"https:\/\/www.jesus-au-temple.com\/#\/schema\/logo\/image\/"}}]}},"_links":{"self":[{"href":"https:\/\/www.jesus-au-temple.com\/index.php\/wp-json\/wp\/v2\/pages\/149","targetHints":{"allow":["GET"]}}],"collection":[{"href":"https:\/\/www.jesus-au-temple.com\/index.php\/wp-json\/wp\/v2\/pages"}],"about":[{"href":"https:\/\/www.jesus-au-temple.com\/index.php\/wp-json\/wp\/v2\/types\/page"}],"author":[{"embeddable":true,"href":"https:\/\/www.jesus-au-temple.com\/index.php\/wp-json\/wp\/v2\/users\/1"}],"replies":[{"embeddable":true,"href":"https:\/\/www.jesus-au-temple.com\/index.php\/wp-json\/wp\/v2\/comments?post=149"}],"version-history":[{"count":0,"href":"https:\/\/www.jesus-au-temple.com\/index.php\/wp-json\/wp\/v2\/pages\/149\/revisions"}],"wp:attachment":[{"href":"https:\/\/www.jesus-au-temple.com\/index.php\/wp-json\/wp\/v2\/media?parent=149"}],"curies":[{"name":"wp","href":"https:\/\/api.w.org\/{rel}","templated":true}]}}